{"id":2086,"date":"2018-07-12T17:01:32","date_gmt":"2018-07-12T15:01:32","guid":{"rendered":"https:\/\/saintgermaindarce.com\/sg\/?page_id=2086"},"modified":"2018-07-12T19:00:51","modified_gmt":"2018-07-12T17:00:51","slug":"calendrier-espace-socio-culturel","status":"publish","type":"page","link":"https:\/\/saintgermaindarce.com\/sg\/calendrier-espace-socio-culturel\/","title":{"rendered":"Calendrier Espace socio-culturel"},"content":{"rendered":"<div id=\"pl-2086\"  class=\"panel-layout\" ><div id=\"pg-2086-0\"  class=\"panel-grid panel-no-style\" ><div id=\"pgc-2086-0-0\"  class=\"panel-grid-cell\" ><div id=\"panel-2086-0-0-0\" class=\"so-panel widget widget_sow-editor panel-first-child panel-last-child widgetopts-SO\" data-index=\"0\" ><div\n\t\t\t\n\t\t\tclass=\"so-widget-sow-editor so-widget-sow-editor-base\"\n\t\t\t\n\t\t>\n<div class=\"siteorigin-widget-tinymce textwidget\">\n\t<h3 style=\"text-align: center;\">Demander une R\u00e9servation<\/h3>\n<\/div>\n<\/div><\/div><\/div><div id=\"pgc-2086-0-1\"  class=\"panel-grid-cell\" ><div id=\"panel-2086-0-1-0\" class=\"so-panel widget widget_sow-editor panel-first-child panel-last-child widgetopts-SO\" data-index=\"1\" ><div\n\t\t\t\n\t\t\tclass=\"so-widget-sow-editor so-widget-sow-editor-base\"\n\t\t\t\n\t\t>\n<div class=\"siteorigin-widget-tinymce textwidget\">\n\t<h3 style=\"text-align: center;\">R\u00e9servations effectu\u00e9es - indisponibilit\u00e9s<\/h3>\n<\/div>\n<\/div><\/div><\/div><\/div><div id=\"pg-2086-1\"  class=\"panel-grid panel-no-style\" ><div id=\"pgc-2086-1-0\"  class=\"panel-grid-cell\" ><div id=\"panel-2086-1-0-0\" class=\"so-panel widget widget_sow-editor panel-first-child widgetopts-SO\" data-index=\"2\" ><div\n\t\t\t\n\t\t\tclass=\"so-widget-sow-editor so-widget-sow-editor-base\"\n\t\t\t\n\t\t>\n<div class=\"siteorigin-widget-tinymce textwidget\">\n\t<p>Vous souhaitez faire une demande de Pr\u00e9-r\u00e9servation de l'espace socio-culturel pour une manifestation ?<\/p>\n<p>Veuillez remplir le formulaire ci-dessous.<\/p>\n<p>Nous prendrons ensuite contact avec vous dans les 48 heures ouvr\u00e9es.<\/p>\n<\/div>\n<\/div><\/div><div id=\"panel-2086-1-0-1\" class=\"so-panel widget widget_sow-editor panel-last-child widgetopts-SO\" data-index=\"3\" ><div\n\t\t\t\n\t\t\tclass=\"so-widget-sow-editor so-widget-sow-editor-base\"\n\t\t\t\n\t\t>\n<div class=\"siteorigin-widget-tinymce textwidget\">\n\t\n<div class=\"wpcf7 no-js\" id=\"wpcf7-f2121-o1\" lang=\"fr-FR\" dir=\"ltr\" data-wpcf7-id=\"2121\">\n<div class=\"screen-reader-response\"><p role=\"status\" aria-live=\"polite\" aria-atomic=\"true\"><\/p> <ul><\/ul><\/div>\n<form action=\"\/sg\/wp-json\/wp\/v2\/pages\/2086#wpcf7-f2121-o1\" method=\"post\" class=\"wpcf7-form init\" aria-label=\"Formulaire de contact\" novalidate=\"novalidate\" data-status=\"init\">\n<fieldset class=\"hidden-fields-container\"><input type=\"hidden\" name=\"_wpcf7\" value=\"2121\" \/><input type=\"hidden\" name=\"_wpcf7_version\" value=\"6.1.5\" \/><input type=\"hidden\" name=\"_wpcf7_locale\" value=\"fr_FR\" \/><input type=\"hidden\" name=\"_wpcf7_unit_tag\" value=\"wpcf7-f2121-o1\" \/><input type=\"hidden\" name=\"_wpcf7_container_post\" value=\"0\" \/><input type=\"hidden\" name=\"_wpcf7_posted_data_hash\" value=\"\" \/>\n<\/fieldset>\n<div class=\"wpcf7-turnstile cf-turnstile\" data-sitekey=\"0x4AAAAAAB8eeTMk6erpY4Hn\" data-response-field-name=\"_wpcf7_turnstile_response\"><\/div>\n\n<p><label>Votre Demande <span class=\"wpcf7-form-control-wrap\" data-name=\"votre-demande\"><select class=\"wpcf7-form-control wpcf7-select\" aria-invalid=\"false\" name=\"votre-demande\"><option value=\"Veuillez s\u00e9lectionner dans la liste d\u00e9roulante\">Veuillez s\u00e9lectionner dans la liste d\u00e9roulante<\/option><option value=\"Pr\u00e9-r\u00e9servation de la salle de l&#039;espace socio-culturel\">Pr\u00e9-r\u00e9servation de la salle de l&#039;espace socio-culturel<\/option><option value=\"Information sur la salle de l&#039;espace socio-culturel\">Information sur la salle de l&#039;espace socio-culturel<\/option><option value=\"Autre-divers\">Autre-divers<\/option><\/select><\/span><\/label><br \/>\n<hr \/><br \/>\n<label>Date choisie <span class=\"wpcf7-form-control-wrap\" data-name=\"votre-datechoisie\"><input class=\"wpcf7-form-control wpcf7-date wpcf7-validates-as-date required\" min=\"2018-06-01\" max=\"2020-12-31\" aria-invalid=\"false\" value=\"\" type=\"date\" name=\"votre-datechoisie\" \/><\/span><\/label><br \/>\n<label>De Heure(s)<span class=\"wpcf7-form-control-wrap\" data-name=\"votre-heuredebut\"><input size=\"40\" maxlength=\"400\" class=\"wpcf7-form-control wpcf7-text required\" aria-invalid=\"false\" value=\"\" type=\"text\" name=\"votre-heuredebut\" \/><\/span><\/label><br \/>\n<label>\u00e0 Heures <span class=\"wpcf7-form-control-wrap\" data-name=\"votre-heurefin\"><input size=\"40\" maxlength=\"400\" class=\"wpcf7-form-control wpcf7-text required\" aria-invalid=\"false\" value=\"\" type=\"text\" name=\"votre-heurefin\" \/><\/span><\/label><br \/>\n<label>Motif de r\u00e9servation<span class=\"wpcf7-form-control-wrap\" data-name=\"motif-reservation\"><input size=\"40\" maxlength=\"400\" class=\"wpcf7-form-control wpcf7-text\" aria-invalid=\"false\" placeholder=\"votre motif\" value=\"\" type=\"text\" name=\"motif-reservation\" \/><\/span><\/label><br \/>\n<label>Nb de Personne(s) attendues<span class=\"wpcf7-form-control-wrap\" data-name=\"nb-personne\"><input size=\"40\" maxlength=\"400\" class=\"wpcf7-form-control wpcf7-text wpcf7-validates-as-required\" aria-required=\"true\" aria-invalid=\"false\" placeholder=\"nb de personne\" value=\"\" type=\"text\" name=\"nb-personne\" \/><\/span><\/label><br \/>\nVous devez attendre de recevoir notre confirmation par Email ou par t\u00e9l\u00e9phone de votre RESERVATION pour la bonne prise en compte. Merci.<br \/>\n<hr \/><br \/>\n<label>Nom (obligatoire) <span class=\"wpcf7-form-control-wrap\" data-name=\"votre-nom\"><input size=\"40\" maxlength=\"400\" class=\"wpcf7-form-control wpcf7-text wpcf7-validates-as-required\" aria-required=\"true\" aria-invalid=\"false\" placeholder=\"votre nom\" value=\"\" type=\"text\" name=\"votre-nom\" \/><\/span><\/label><br \/>\n<label>Pr\u00e9nom (obligatoire) <span class=\"wpcf7-form-control-wrap\" data-name=\"votre-prenom\"><input size=\"40\" maxlength=\"400\" class=\"wpcf7-form-control wpcf7-text wpcf7-validates-as-required\" aria-required=\"true\" aria-invalid=\"false\" placeholder=\"votre pr\u00e9nom\" value=\"\" type=\"text\" name=\"votre-prenom\" \/><\/span><\/label><br \/>\n<label>Email (obligatoire)<span class=\"wpcf7-form-control-wrap\" data-name=\"votre-email\"><input size=\"40\" maxlength=\"400\" class=\"wpcf7-form-control wpcf7-email wpcf7-validates-as-required wpcf7-text wpcf7-validates-as-email\" aria-required=\"true\" aria-invalid=\"false\" placeholder=\"example@example.com\" value=\"\" type=\"email\" name=\"votre-email\" \/><\/span><\/label><br \/>\n<label>T\u00e9l\u00e9phone <span class=\"wpcf7-form-control-wrap\" data-name=\"votre-telephone\"><input size=\"40\" maxlength=\"400\" minlength=\"10\" class=\"wpcf7-form-control wpcf7-tel wpcf7-text wpcf7-validates-as-tel\" aria-invalid=\"false\" placeholder=\"0606060606\" value=\"\" type=\"tel\" name=\"votre-telephone\" \/><\/span><\/label><br \/>\n<label>Ville <span class=\"wpcf7-form-control-wrap\" data-name=\"votre-ville\"><input size=\"40\" maxlength=\"400\" class=\"wpcf7-form-control wpcf7-text\" aria-invalid=\"false\" placeholder=\"votre ville\" value=\"\" type=\"text\" name=\"votre-ville\" \/><\/span><\/label><br \/>\n<label>Sujet <span class=\"wpcf7-form-control-wrap\" data-name=\"votre-sujet\"><input size=\"40\" maxlength=\"400\" class=\"wpcf7-form-control wpcf7-text\" aria-invalid=\"false\" placeholder=\"votre sujet\" value=\"\" type=\"text\" name=\"votre-sujet\" \/><\/span><\/label><br \/>\n<label>Votre Message <span class=\"wpcf7-form-control-wrap\" data-name=\"votre-message\"><textarea cols=\"40\" rows=\"5\" maxlength=\"1340\" minlength=\"10\" class=\"wpcf7-form-control wpcf7-textarea\" aria-invalid=\"false\" placeholder=\"votre message...\" name=\"votre-message\"><\/textarea><\/span><\/label><br \/>\n[recaptcha]\n<input class=\"wpcf7-form-control wpcf7-submit has-spinner\" type=\"submit\" value=\"Envoyer\" \/>\n<\/p><div class=\"wpcf7-response-output\" aria-hidden=\"true\"><\/div>\n<\/form>\n<\/div>\n\n<\/div>\n<\/div><\/div><\/div><div id=\"pgc-2086-1-1\"  class=\"panel-grid-cell\" ><div id=\"panel-2086-1-1-0\" class=\"so-panel widget widget_sow-editor panel-first-child panel-last-child widgetopts-SO\" data-index=\"4\" ><div\n\t\t\t\n\t\t\tclass=\"so-widget-sow-editor so-widget-sow-editor-base\"\n\t\t\t\n\t\t>\n<div class=\"siteorigin-widget-tinymce textwidget\">\n\t[event_board event_category=\"espace_socio_culturel\"]\n<\/div>\n<\/div><\/div><\/div><\/div><\/div>","protected":false},"excerpt":{"rendered":"<p>Demander une R\u00e9servation R\u00e9servations effectu\u00e9es &#8211; indisponibilit\u00e9s Vous souhaitez faire une demande de Pr\u00e9-r\u00e9servation de l&rsquo;espace socio-culturel pour une manifestation ? Veuillez remplir le formulaire ci-dessous. Nous prendrons ensuite contact avec vous dans les 48 heures ouvr\u00e9es. [event_board event_category=\u00a0\u00bbespace_socio_culturel\u00a0\u00bb]<\/p>\n","protected":false},"author":1,"featured_media":0,"parent":0,"menu_order":0,"comment_status":"closed","ping_status":"closed","template":"","meta":{"footnotes":""},"class_list":["post-2086","page","type-page","status-publish","hentry"],"yoast_head":"<!-- This site is optimized with the Yoast SEO plugin v27.5 - https:\/\/yoast.com\/product\/yoast-seo-wordpress\/ -->\n<title>Calendrier Espace socio-culturel - Mairie de Saint Germain d&#039;Arc\u00e9<\/title>\n<meta name=\"robots\" content=\"index, follow, max-snippet:-1, max-image-preview:large, max-video-preview:-1\" \/>\n<link rel=\"canonical\" href=\"https:\/\/saintgermaindarce.com\/sg\/calendrier-espace-socio-culturel\/\" \/>\n<meta name=\"twitter:card\" content=\"summary_large_image\" \/>\n<meta name=\"twitter:title\" content=\"Calendrier Espace socio-culturel - Mairie de Saint Germain d&#039;Arc\u00e9\" \/>\n<meta name=\"twitter:description\" content=\"Demander une R\u00e9servation R\u00e9servations effectu\u00e9es - indisponibilit\u00e9s Vous souhaitez faire une demande de Pr\u00e9-r\u00e9servation de l&#039;espace socio-culturel pour une manifestation ? Veuillez remplir le formulaire ci-dessous. Nous prendrons ensuite contact avec vous dans les 48 heures ouvr\u00e9es. [event_board event_category=&quot;espace_socio_culturel&quot;]\" \/>\n<script type=\"application\/ld+json\" class=\"yoast-schema-graph\">{\"@context\":\"https:\\\/\\\/schema.org\",\"@graph\":[{\"@type\":\"WebPage\",\"@id\":\"https:\\\/\\\/saintgermaindarce.com\\\/sg\\\/calendrier-espace-socio-culturel\\\/\",\"url\":\"https:\\\/\\\/saintgermaindarce.com\\\/sg\\\/calendrier-espace-socio-culturel\\\/\",\"name\":\"Calendrier Espace socio-culturel - Mairie de Saint Germain d&#039;Arc\u00e9\",\"isPartOf\":{\"@id\":\"https:\\\/\\\/saintgermaindarce.com\\\/sg\\\/#website\"},\"datePublished\":\"2018-07-12T15:01:32+00:00\",\"dateModified\":\"2018-07-12T17:00:51+00:00\",\"breadcrumb\":{\"@id\":\"https:\\\/\\\/saintgermaindarce.com\\\/sg\\\/calendrier-espace-socio-culturel\\\/#breadcrumb\"},\"inLanguage\":\"fr-FR\",\"potentialAction\":[{\"@type\":\"ReadAction\",\"target\":[\"https:\\\/\\\/saintgermaindarce.com\\\/sg\\\/calendrier-espace-socio-culturel\\\/\"]}]},{\"@type\":\"BreadcrumbList\",\"@id\":\"https:\\\/\\\/saintgermaindarce.com\\\/sg\\\/calendrier-espace-socio-culturel\\\/#breadcrumb\",\"itemListElement\":[{\"@type\":\"ListItem\",\"position\":1,\"name\":\"Accueil\",\"item\":\"https:\\\/\\\/saintgermaindarce.com\\\/sg\\\/\"},{\"@type\":\"ListItem\",\"position\":2,\"name\":\"Calendrier Espace socio-culturel\"}]},{\"@type\":\"WebSite\",\"@id\":\"https:\\\/\\\/saintgermaindarce.com\\\/sg\\\/#website\",\"url\":\"https:\\\/\\\/saintgermaindarce.com\\\/sg\\\/\",\"name\":\"Mairie de Saint Germain d'Arc\u00e9\",\"description\":\"\",\"publisher\":{\"@id\":\"https:\\\/\\\/saintgermaindarce.com\\\/sg\\\/#\\\/schema\\\/person\\\/93511b19cadd37cf2a6e92b3df7f79ec\"},\"potentialAction\":[{\"@type\":\"SearchAction\",\"target\":{\"@type\":\"EntryPoint\",\"urlTemplate\":\"https:\\\/\\\/saintgermaindarce.com\\\/sg\\\/?s={search_term_string}\"},\"query-input\":{\"@type\":\"PropertyValueSpecification\",\"valueRequired\":true,\"valueName\":\"search_term_string\"}}],\"inLanguage\":\"fr-FR\"},{\"@type\":[\"Person\",\"Organization\"],\"@id\":\"https:\\\/\\\/saintgermaindarce.com\\\/sg\\\/#\\\/schema\\\/person\\\/93511b19cadd37cf2a6e92b3df7f79ec\",\"name\":\"secretariat Mairie\",\"image\":{\"@type\":\"ImageObject\",\"inLanguage\":\"fr-FR\",\"@id\":\"https:\\\/\\\/secure.gravatar.com\\\/avatar\\\/f767471be6375bc48c47e01a87935108ce923ff3609476b1fd7fe905f23de8aa?s=96&d=mm&r=g\",\"url\":\"https:\\\/\\\/secure.gravatar.com\\\/avatar\\\/f767471be6375bc48c47e01a87935108ce923ff3609476b1fd7fe905f23de8aa?s=96&d=mm&r=g\",\"contentUrl\":\"https:\\\/\\\/secure.gravatar.com\\\/avatar\\\/f767471be6375bc48c47e01a87935108ce923ff3609476b1fd7fe905f23de8aa?s=96&d=mm&r=g\",\"caption\":\"secretariat Mairie\"},\"logo\":{\"@id\":\"https:\\\/\\\/secure.gravatar.com\\\/avatar\\\/f767471be6375bc48c47e01a87935108ce923ff3609476b1fd7fe905f23de8aa?s=96&d=mm&r=g\"}}]}<\/script>\n<!-- \/ Yoast SEO plugin. -->","yoast_head_json":{"title":"Calendrier Espace socio-culturel - Mairie de Saint Germain d&#039;Arc\u00e9","robots":{"index":"index","follow":"follow","max-snippet":"max-snippet:-1","max-image-preview":"max-image-preview:large","max-video-preview":"max-video-preview:-1"},"canonical":"https:\/\/saintgermaindarce.com\/sg\/calendrier-espace-socio-culturel\/","twitter_card":"summary_large_image","twitter_title":"Calendrier Espace socio-culturel - Mairie de Saint Germain d&#039;Arc\u00e9","twitter_description":"Demander une R\u00e9servation R\u00e9servations effectu\u00e9es - indisponibilit\u00e9s Vous souhaitez faire une demande de Pr\u00e9-r\u00e9servation de l'espace socio-culturel pour une manifestation ? Veuillez remplir le formulaire ci-dessous. Nous prendrons ensuite contact avec vous dans les 48 heures ouvr\u00e9es. [event_board event_category=\"espace_socio_culturel\"]","schema":{"@context":"https:\/\/schema.org","@graph":[{"@type":"WebPage","@id":"https:\/\/saintgermaindarce.com\/sg\/calendrier-espace-socio-culturel\/","url":"https:\/\/saintgermaindarce.com\/sg\/calendrier-espace-socio-culturel\/","name":"Calendrier Espace socio-culturel - Mairie de Saint Germain d&#039;Arc\u00e9","isPartOf":{"@id":"https:\/\/saintgermaindarce.com\/sg\/#website"},"datePublished":"2018-07-12T15:01:32+00:00","dateModified":"2018-07-12T17:00:51+00:00","breadcrumb":{"@id":"https:\/\/saintgermaindarce.com\/sg\/calendrier-espace-socio-culturel\/#breadcrumb"},"inLanguage":"fr-FR","potentialAction":[{"@type":"ReadAction","target":["https:\/\/saintgermaindarce.com\/sg\/calendrier-espace-socio-culturel\/"]}]},{"@type":"BreadcrumbList","@id":"https:\/\/saintgermaindarce.com\/sg\/calendrier-espace-socio-culturel\/#breadcrumb","itemListElement":[{"@type":"ListItem","position":1,"name":"Accueil","item":"https:\/\/saintgermaindarce.com\/sg\/"},{"@type":"ListItem","position":2,"name":"Calendrier Espace socio-culturel"}]},{"@type":"WebSite","@id":"https:\/\/saintgermaindarce.com\/sg\/#website","url":"https:\/\/saintgermaindarce.com\/sg\/","name":"Mairie de Saint Germain d'Arc\u00e9","description":"","publisher":{"@id":"https:\/\/saintgermaindarce.com\/sg\/#\/schema\/person\/93511b19cadd37cf2a6e92b3df7f79ec"},"potentialAction":[{"@type":"SearchAction","target":{"@type":"EntryPoint","urlTemplate":"https:\/\/saintgermaindarce.com\/sg\/?s={search_term_string}"},"query-input":{"@type":"PropertyValueSpecification","valueRequired":true,"valueName":"search_term_string"}}],"inLanguage":"fr-FR"},{"@type":["Person","Organization"],"@id":"https:\/\/saintgermaindarce.com\/sg\/#\/schema\/person\/93511b19cadd37cf2a6e92b3df7f79ec","name":"secretariat Mairie","image":{"@type":"ImageObject","inLanguage":"fr-FR","@id":"https:\/\/secure.gravatar.com\/avatar\/f767471be6375bc48c47e01a87935108ce923ff3609476b1fd7fe905f23de8aa?s=96&d=mm&r=g","url":"https:\/\/secure.gravatar.com\/avatar\/f767471be6375bc48c47e01a87935108ce923ff3609476b1fd7fe905f23de8aa?s=96&d=mm&r=g","contentUrl":"https:\/\/secure.gravatar.com\/avatar\/f767471be6375bc48c47e01a87935108ce923ff3609476b1fd7fe905f23de8aa?s=96&d=mm&r=g","caption":"secretariat Mairie"},"logo":{"@id":"https:\/\/secure.gravatar.com\/avatar\/f767471be6375bc48c47e01a87935108ce923ff3609476b1fd7fe905f23de8aa?s=96&d=mm&r=g"}}]}},"_links":{"self":[{"href":"https:\/\/saintgermaindarce.com\/sg\/wp-json\/wp\/v2\/pages\/2086","targetHints":{"allow":["GET"]}}],"collection":[{"href":"https:\/\/saintgermaindarce.com\/sg\/wp-json\/wp\/v2\/pages"}],"about":[{"href":"https:\/\/saintgermaindarce.com\/sg\/wp-json\/wp\/v2\/types\/page"}],"author":[{"embeddable":true,"href":"https:\/\/saintgermaindarce.com\/sg\/wp-json\/wp\/v2\/users\/1"}],"replies":[{"embeddable":true,"href":"https:\/\/saintgermaindarce.com\/sg\/wp-json\/wp\/v2\/comments?post=2086"}],"version-history":[{"count":0,"href":"https:\/\/saintgermaindarce.com\/sg\/wp-json\/wp\/v2\/pages\/2086\/revisions"}],"wp:attachment":[{"href":"https:\/\/saintgermaindarce.com\/sg\/wp-json\/wp\/v2\/media?parent=2086"}],"curies":[{"name":"wp","href":"https:\/\/api.w.org\/{rel}","templated":true}]}}